{"id":176,"date":"2022-09-14T08:59:28","date_gmt":"2022-09-14T08:59:28","guid":{"rendered":"https:\/\/www.reagro.pt\/?page_id=176"},"modified":"2023-07-13T15:19:33","modified_gmt":"2023-07-13T15:19:33","slug":"seguranca-e-qualidade","status":"publish","type":"page","link":"https:\/\/siteantigo.reagro.pt\/en\/seguranca-e-qualidade\/","title":{"rendered":"SAFETY AND QUALITY"},"content":{"rendered":"<p>[et_pb_section fb_built=&#8221;1&#8243; custom_padding_last_edited=&#8221;on|tablet&#8221; _builder_version=&#8221;4.18.0&#8243; _module_preset=&#8221;default&#8221; custom_padding=&#8221;||15px||false|false&#8221; custom_padding_tablet=&#8221;15px||||false|false&#8221; custom_padding_phone=&#8221;15px||||false|false&#8221; locked=&#8221;off&#8221; global_colors_info=&#8221;{}&#8221;][et_pb_row make_equal=&#8221;on&#8221; _builder_version=&#8221;4.18.0&#8243; _module_preset=&#8221;default&#8221; global_colors_info=&#8221;{}&#8221;][et_pb_column type=&#8221;4_4&#8243; _builder_version=&#8221;4.18.0&#8243; _module_preset=&#8221;default&#8221; global_colors_info=&#8221;{}&#8221;][et_pb_text _builder_version=&#8221;4.18.0&#8243; _module_preset=&#8221;default&#8221; text_font=&#8221;|300|||||||&#8221; text_text_color=&#8221;#00759A&#8221; text_font_size=&#8221;20px&#8221; text_line_height=&#8221;1.4em&#8221; text_font_size_tablet=&#8221;&#8221; text_font_size_phone=&#8221;&#8221; text_font_size_last_edited=&#8221;on|desktop&#8221; global_colors_info=&#8221;{}&#8221;]<\/p>\n<p>Na REAGRO trabalhamos, criamos e projetamos o futuro, tendo por principal objetivo o desenvolvimento cont\u00ednuo de uma rela\u00e7\u00e3o de confian\u00e7a com os nossos Clientes. \u00c9 nossa preocupa\u00e7\u00e3o constante comercializar apenas produtos de melhor qualidade, para satisfazer os nossos Clientes, estabelecer parcerias de valor acrescentado, gerar resultados de excel\u00eancia para a Organiza\u00e7\u00e3o e Acionistas, sem comprometer o futuro de gera\u00e7\u00f5es vindouras.<\/p>\n<p>[\/et_pb_text][et_pb_text _builder_version=&#8221;4.18.0&#8243; _module_preset=&#8221;default&#8221; text_font=&#8221;|300|||||||&#8221; text_text_color=&#8221;#00759A&#8221; text_font_size=&#8221;20px&#8221; text_line_height=&#8221;1.4em&#8221; text_font_size_tablet=&#8221;&#8221; text_font_size_phone=&#8221;&#8221; text_font_size_last_edited=&#8221;on|phone&#8221; global_colors_info=&#8221;{}&#8221;]<\/p>\n<p>A Miss\u00e3o da REAGRO \u00e9 Conceber e Fabricar Pr\u00e9-Misturas e Alimentos para Animais, Fabricar e Comercializar Produtos para Alimenta\u00e7\u00e3o Animal, Comercializar Produtos de Higiene e Sa\u00fade Animal e efetuar an\u00e1lises de Mat\u00e9rias-Primas e Produtos para a Alimenta\u00e7\u00e3o Animal, com qualidade, rigor e valor cumprindo sempre a legisla\u00e7\u00e3o aplic\u00e1vel.<\/p>\n<p>[\/et_pb_text][et_pb_text _builder_version=&#8221;4.18.0&#8243; _module_preset=&#8221;default&#8221; text_font=&#8221;|700|||||||&#8221; text_text_color=&#8221;#00759A&#8221; text_font_size=&#8221;20px&#8221; text_line_height=&#8221;1.4em&#8221; text_font_size_tablet=&#8221;&#8221; text_font_size_phone=&#8221;&#8221; text_font_size_last_edited=&#8221;on|phone&#8221; global_colors_info=&#8221;{}&#8221;]<\/p>\n<p>Assumimos como fatores primordiais da nossa atividade que:<\/p>\n<p>[\/et_pb_text][\/et_pb_column][\/et_pb_row][\/et_pb_section][et_pb_section fb_built=&#8221;1&#8243; _builder_version=&#8221;4.18.0&#8243; _module_preset=&#8221;default&#8221; use_background_color_gradient=&#8221;on&#8221; background_color_gradient_stops=&#8221;#007094 0%|#00232f 100%&#8221; custom_padding=&#8221;30px||30px||true|false&#8221; locked=&#8221;off&#8221; global_colors_info=&#8221;{}&#8221;][et_pb_row column_structure=&#8221;1_2,1_2&#8243; _builder_version=&#8221;4.18.0&#8243; _module_preset=&#8221;default&#8221; global_colors_info=&#8221;{}&#8221;][et_pb_column type=&#8221;1_2&#8243; _builder_version=&#8221;4.18.0&#8243; _module_preset=&#8221;default&#8221; global_colors_info=&#8221;{}&#8221;][et_pb_text _builder_version=&#8221;4.18.0&#8243; _module_preset=&#8221;default&#8221; text_text_color=&#8221;#FFFFFF&#8221; text_font_size=&#8221;18px&#8221; text_line_height=&#8221;1.4em&#8221; header_2_text_color=&#8221;#FFFFFF&#8221; header_2_font_size=&#8221;32px&#8221; header_2_line_height=&#8221;1.1em&#8221; global_colors_info=&#8221;{}&#8221;]<\/p>\n<p>Os nossos colaboradores sejam respons\u00e1veis pelo desempenho das suas fun\u00e7\u00f5es, atrav\u00e9s de uma atitude de empenho, profissionalismo, compet\u00eancia, dedica\u00e7\u00e3o e \u00e9tica<\/p>\n<p>[\/et_pb_text][et_pb_text _builder_version=&#8221;4.18.0&#8243; _module_preset=&#8221;default&#8221; text_text_color=&#8221;#FFFFFF&#8221; text_font_size=&#8221;18px&#8221; text_line_height=&#8221;1.4em&#8221; header_2_text_color=&#8221;#FFFFFF&#8221; header_2_font_size=&#8221;32px&#8221; header_2_line_height=&#8221;1.1em&#8221; global_colors_info=&#8221;{}&#8221;]<\/p>\n<p>Possamos formar continuamente os nossos Colaboradores e oferecer-lhes um bom ambiente de trabalho, para que todos se sintam motivados, empenhados e envolvidos nas tarefas que desempenham<\/p>\n<p>[\/et_pb_text][et_pb_text _builder_version=&#8221;4.18.0&#8243; _module_preset=&#8221;default&#8221; text_text_color=&#8221;#FFFFFF&#8221; text_font_size=&#8221;18px&#8221; text_line_height=&#8221;1.4em&#8221; header_2_text_color=&#8221;#FFFFFF&#8221; header_2_font_size=&#8221;32px&#8221; header_2_line_height=&#8221;1.1em&#8221; global_colors_info=&#8221;{}&#8221;]<\/p>\n<p>Os requisitos de Qualidade e de Seguran\u00e7a Alimentar aplic\u00e1veis aos nossos produtos sejam cumpridos na sua totalidade<\/p>\n<p>[\/et_pb_text][\/et_pb_column][et_pb_column type=&#8221;1_2&#8243; _builder_version=&#8221;4.18.0&#8243; _module_preset=&#8221;default&#8221; global_colors_info=&#8221;{}&#8221;][et_pb_text _builder_version=&#8221;4.18.0&#8243; _module_preset=&#8221;default&#8221; text_text_color=&#8221;#FFFFFF&#8221; text_font_size=&#8221;18px&#8221; text_line_height=&#8221;1.4em&#8221; header_2_text_color=&#8221;#FFFFFF&#8221; header_2_font_size=&#8221;32px&#8221; header_2_line_height=&#8221;1.1em&#8221; global_colors_info=&#8221;{}&#8221;]<\/p>\n<p>Possamos assegurar a melhoria cont\u00ednua dos nossos processos, produtos, servi\u00e7os e Sistema de Gest\u00e3o<\/p>\n<p>[\/et_pb_text][et_pb_text _builder_version=&#8221;4.18.0&#8243; _module_preset=&#8221;default&#8221; text_text_color=&#8221;#FFFFFF&#8221; text_font_size=&#8221;18px&#8221; text_line_height=&#8221;1.4em&#8221; header_2_text_color=&#8221;#FFFFFF&#8221; header_2_font_size=&#8221;32px&#8221; header_2_line_height=&#8221;1.1em&#8221; global_colors_info=&#8221;{}&#8221;]<\/p>\n<p>Possamos estabelecer rela\u00e7\u00f5es de confian\u00e7a com os nossos fornecedores, com o objetivo de adquirir os melhores produtos ao menor pre\u00e7o<\/p>\n<p>[\/et_pb_text][et_pb_text _builder_version=&#8221;4.18.0&#8243; _module_preset=&#8221;default&#8221; text_text_color=&#8221;#FFFFFF&#8221; text_font_size=&#8221;18px&#8221; text_line_height=&#8221;1.4em&#8221; header_2_text_color=&#8221;#FFFFFF&#8221; header_2_font_size=&#8221;32px&#8221; header_2_line_height=&#8221;1.1em&#8221; global_colors_info=&#8221;{}&#8221;]<\/p>\n<p>Respeitamos a conserva\u00e7\u00e3o do ambiente, recursos naturais e sustentabilidade social, contribuindo para este fim atrav\u00e9s da comercializa\u00e7\u00e3o de produtos sustent\u00e1veis com menores emiss\u00f5es de gases com efeito de estufa no seu ciclo de vida e respeito pelo ambiente e por quest\u00f5es sociais<\/p>\n<p>[\/et_pb_text][\/et_pb_column][\/et_pb_row][\/et_pb_section][et_pb_section fb_built=&#8221;1&#8243; theme_builder_area=&#8221;post_content&#8221; _builder_version=&#8221;4.21.0&#8243; _module_preset=&#8221;default&#8221; custom_padding=&#8221;||0px||false|false&#8221; hover_enabled=&#8221;0&#8243; sticky_enabled=&#8221;0&#8243;][et_pb_row _builder_version=&#8221;4.21.0&#8243; _module_preset=&#8221;default&#8221; theme_builder_area=&#8221;post_content&#8221; custom_padding=&#8221;0px||0px||false|false&#8221; hover_enabled=&#8221;0&#8243; sticky_enabled=&#8221;0&#8243;][et_pb_column _builder_version=&#8221;4.21.0&#8243; _module_preset=&#8221;default&#8221; type=&#8221;4_4&#8243; theme_builder_area=&#8221;post_content&#8221;][et_pb_text _builder_version=&#8221;4.21.0&#8243; _module_preset=&#8221;default&#8221; header_2_text_color=&#8221;#00759a&#8221; header_2_font_size=&#8221;28px&#8221; custom_margin=&#8221;||0px||false|false&#8221; custom_padding=&#8221;||||false|false&#8221; hover_enabled=&#8221;0&#8243; global_colors_info=&#8221;{}&#8221; locked=&#8221;off&#8221; theme_builder_area=&#8221;post_content&#8221; sticky_enabled=&#8221;0&#8243;]<\/p>\n<h2><span>Certifica\u00e7\u00e3o<\/span><\/h2>\n<p>[\/et_pb_text][\/et_pb_column][\/et_pb_row][et_pb_row _builder_version=&#8221;4.21.0&#8243; _module_preset=&#8221;default&#8221; theme_builder_area=&#8221;post_content&#8221; column_structure=&#8221;1_5,1_5,1_5,1_5,1_5&#8243; custom_padding=&#8221;0px||0px||false|false&#8221; hover_enabled=&#8221;0&#8243; sticky_enabled=&#8221;0&#8243;][et_pb_column _builder_version=&#8221;4.21.0&#8243; _module_preset=&#8221;default&#8221; type=&#8221;1_5&#8243; theme_builder_area=&#8221;post_content&#8221;][et_pb_image src=&#8221;https:\/\/siteantigo.reagro.pt\/wp-content\/uploads\/2023\/07\/F6793557-B666-4291-B841-080DAD42CB23.png&#8221; _builder_version=&#8221;4.21.0&#8243; _module_preset=&#8221;default&#8221; theme_builder_area=&#8221;post_content&#8221; title_text=&#8221;F6793557-B666-4291-B841-080DAD42CB23&#8243; hover_enabled=&#8221;0&#8243; sticky_enabled=&#8221;0&#8243; url=&#8221;\/wp-content\/uploads\/2023\/07\/11.CEP_.3969-REAGRO-Importacao-e-Exportacao.pdf&#8221; url_new_window=&#8221;on&#8221; width_last_edited=&#8221;on|phone&#8221; width_tablet=&#8221;50%&#8221; module_alignment_last_edited=&#8221;on|phone&#8221; module_alignment_phone=&#8221;center&#8221; width_phone=&#8221;50%&#8221;][\/et_pb_image][\/et_pb_column][et_pb_column _builder_version=&#8221;4.21.0&#8243; _module_preset=&#8221;default&#8221; type=&#8221;1_5&#8243; theme_builder_area=&#8221;post_content&#8221;][et_pb_image src=&#8221;https:\/\/siteantigo.reagro.pt\/wp-content\/uploads\/2023\/07\/2F7FE3AD-1C8B-4E23-91E2-E31562C039ED.png&#8221; _builder_version=&#8221;4.21.0&#8243; _module_preset=&#8221;default&#8221; theme_builder_area=&#8221;post_content&#8221; title_text=&#8221;2F7FE3AD-1C8B-4E23-91E2-E31562C039ED&#8221; hover_enabled=&#8221;0&#8243; sticky_enabled=&#8221;0&#8243; url=&#8221;\/wp-content\/uploads\/2023\/07\/11.CEP_.3969-REAGRO-Importacao-e-Exportacao-iqnet.pdf&#8221; url_new_window=&#8221;on&#8221; width_last_edited=&#8221;on|phone&#8221; width_phone=&#8221;50%&#8221; width_tablet=&#8221;50%&#8221; module_alignment_last_edited=&#8221;on|phone&#8221; module_alignment_phone=&#8221;center&#8221;][\/et_pb_image][\/et_pb_column][et_pb_column _builder_version=&#8221;4.21.0&#8243; _module_preset=&#8221;default&#8221; type=&#8221;1_5&#8243; theme_builder_area=&#8221;post_content&#8221;][et_pb_image src=&#8221;https:\/\/siteantigo.reagro.pt\/wp-content\/uploads\/2023\/07\/CEC926C3-7073-417A-A7DD-DF5C9A48CF6B.png&#8221; _builder_version=&#8221;4.21.0&#8243; _module_preset=&#8221;default&#8221; theme_builder_area=&#8221;post_content&#8221; title_text=&#8221;CEC926C3-7073-417A-A7DD-DF5C9A48CF6B&#8221; hover_enabled=&#8221;0&#8243; sticky_enabled=&#8221;0&#8243; url=&#8221;\/wp-content\/uploads\/2023\/07\/Certificado-GMP-29082025-.pdf&#8221; url_new_window=&#8221;on&#8221; width_last_edited=&#8221;on|phone&#8221; width_tablet=&#8221;50%&#8221; module_alignment_last_edited=&#8221;on|phone&#8221; module_alignment_phone=&#8221;center&#8221; width_phone=&#8221;50%&#8221;][\/et_pb_image][\/et_pb_column][et_pb_column _builder_version=&#8221;4.21.0&#8243; _module_preset=&#8221;default&#8221; type=&#8221;1_5&#8243; theme_builder_area=&#8221;post_content&#8221;][\/et_pb_column][et_pb_column _builder_version=&#8221;4.21.0&#8243; _module_preset=&#8221;default&#8221; type=&#8221;1_5&#8243; theme_builder_area=&#8221;post_content&#8221;][\/et_pb_column][\/et_pb_row][\/et_pb_section][et_pb_section fb_built=&#8221;1&#8243; _builder_version=&#8221;4.21.0&#8243; _module_preset=&#8221;default&#8221; custom_padding=&#8221;0px||15px||false|false&#8221; hover_enabled=&#8221;0&#8243; locked=&#8221;off&#8221; global_colors_info=&#8221;{}&#8221; sticky_enabled=&#8221;0&#8243;][et_pb_row make_equal=&#8221;on&#8221; _builder_version=&#8221;4.18.0&#8243; _module_preset=&#8221;default&#8221; custom_padding=&#8221;0px||||false|false&#8221; global_colors_info=&#8221;{}&#8221;][et_pb_column type=&#8221;4_4&#8243; _builder_version=&#8221;4.18.0&#8243; _module_preset=&#8221;default&#8221; global_colors_info=&#8221;{}&#8221;][et_pb_text _builder_version=&#8221;4.18.0&#8243; _module_preset=&#8221;default&#8221; text_font=&#8221;|300|||||||&#8221; text_text_color=&#8221;#00759A&#8221; text_font_size=&#8221;20px&#8221; text_line_height=&#8221;1.4em&#8221; text_font_size_tablet=&#8221;&#8221; text_font_size_phone=&#8221;&#8221; text_font_size_last_edited=&#8221;on|phone&#8221; global_colors_info=&#8221;{}&#8221;]<\/p>\n<p>Comprometemo-nos a comunicar os aspetos relevantes para a Qualidade e Seguran\u00e7a Alimentar dos nossos produtos e servi\u00e7os a, conforme aplic\u00e1vel, Colaboradores, Clientes, Fornecedores, Entidades Oficiais e Entidades Certificadoras.<\/p>\n<p>[\/et_pb_text][et_pb_text _builder_version=&#8221;4.18.0&#8243; _module_preset=&#8221;default&#8221; text_font=&#8221;|300|||||||&#8221; text_text_color=&#8221;#00759A&#8221; text_font_size=&#8221;20px&#8221; text_line_height=&#8221;1.4em&#8221; text_font_size_tablet=&#8221;&#8221; text_font_size_phone=&#8221;&#8221; text_font_size_last_edited=&#8221;on|phone&#8221; global_colors_info=&#8221;{}&#8221;]<\/p>\n<p>Anualmente a Administra\u00e7\u00e3o, conjuntamente com os restantes Respons\u00e1veis dos Processos, define objetivos decorrentes de uma an\u00e1lise do desempenho da empresa, no sentido de estreitar a parceria com os nossos clientes e fornecedores, aperfei\u00e7oar os m\u00e9todos de trabalho, de modo a reduzir custos, melhorar as condi\u00e7\u00f5es de trabalho dos nossos colaboradores e potenciar a Qualidade, a Sustentabilidade e Seguran\u00e7a Alimentar.<\/p>\n<p>[\/et_pb_text][et_pb_text _builder_version=&#8221;4.18.0&#8243; _module_preset=&#8221;default&#8221; text_font=&#8221;|300|||||||&#8221; text_text_color=&#8221;#00759A&#8221; text_font_size=&#8221;20px&#8221; text_line_height=&#8221;1.4em&#8221; text_font_size_tablet=&#8221;&#8221; text_font_size_phone=&#8221;&#8221; text_font_size_last_edited=&#8221;on|phone&#8221; global_colors_info=&#8221;{}&#8221;]<\/p>\n<p>Como base para definir o padr\u00e3o de Excel\u00eancia que desejamos alcan\u00e7ar e que permita p\u00f4r em pr\u00e1tica a metodologia enunciada, no prosseguimento de uma Pol\u00edtica que vise a melhoria cont\u00ednua da efic\u00e1cia, implement\u00e1mos e mantemos um Sistema de Gest\u00e3o da Qualidade e Seguran\u00e7a Alimentar segundo a Norma NP EN ISO 9001:2015 e o Referencial GMP+ International e assumimos o compromisso com os requisitos de sustentabilidade da Diretiva 2009\/28\/EC.<\/p>\n<p>[\/et_pb_text][\/et_pb_column][\/et_pb_row][\/et_pb_section]<\/p>\n","protected":false},"excerpt":{"rendered":"<p>Na REAGRO trabalhamos, criamos e projetamos o futuro, tendo por principal objetivo o desenvolvimento cont\u00ednuo de uma rela\u00e7\u00e3o de confian\u00e7a com os nossos Clientes. \u00c9 nossa preocupa\u00e7\u00e3o constante comercializar apenas produtos de melhor qualidade, para satisfazer os nossos Clientes, estabelecer parcerias de valor acrescentado, gerar resultados de excel\u00eancia para a Organiza\u00e7\u00e3o e Acionistas, sem comprometer [&hellip;]<\/p>\n","protected":false},"author":1,"featured_media":987494632,"parent":0,"menu_order":0,"comment_status":"closed","ping_status":"closed","template":"","meta":{"_et_pb_use_builder":"on","_et_pb_old_content":"","_et_gb_content_width":"","footnotes":""},"class_list":["post-176","page","type-page","status-publish","has-post-thumbnail","hentry"],"_links":{"self":[{"href":"https:\/\/siteantigo.reagro.pt\/en\/wp-json\/wp\/v2\/pages\/176","targetHints":{"allow":["GET"]}}],"collection":[{"href":"https:\/\/siteantigo.reagro.pt\/en\/wp-json\/wp\/v2\/pages"}],"about":[{"href":"https:\/\/siteantigo.reagro.pt\/en\/wp-json\/wp\/v2\/types\/page"}],"author":[{"embeddable":true,"href":"https:\/\/siteantigo.reagro.pt\/en\/wp-json\/wp\/v2\/users\/1"}],"replies":[{"embeddable":true,"href":"https:\/\/siteantigo.reagro.pt\/en\/wp-json\/wp\/v2\/comments?post=176"}],"version-history":[{"count":20,"href":"https:\/\/siteantigo.reagro.pt\/en\/wp-json\/wp\/v2\/pages\/176\/revisions"}],"predecessor-version":[{"id":987494732,"href":"https:\/\/siteantigo.reagro.pt\/en\/wp-json\/wp\/v2\/pages\/176\/revisions\/987494732"}],"wp:featuredmedia":[{"embeddable":true,"href":"https:\/\/siteantigo.reagro.pt\/en\/wp-json\/wp\/v2\/media\/987494632"}],"wp:attachment":[{"href":"https:\/\/siteantigo.reagro.pt\/en\/wp-json\/wp\/v2\/media?parent=176"}],"curies":[{"name":"wp","href":"https:\/\/api.w.org\/{rel}","templated":true}]}}